{"id":659,"date":"2019-12-26T10:24:05","date_gmt":"2019-12-26T13:24:05","guid":{"rendered":"https:\/\/gustavoschutt.com.ar\/?page_id=659"},"modified":"2022-02-25T07:31:28","modified_gmt":"2022-02-25T10:31:28","slug":"press","status":"publish","type":"page","link":"https:\/\/gustavoschutt.com.ar\/en\/press\/","title":{"rendered":"PRESS"},"content":{"rendered":"<div class=\"fusion-fullwidth fullwidth-box fusion-builder-row-1 nonhundred-percent-fullwidth non-hundred-percent-height-scrolling\" style=\"--awb-border-radius-top-left:0px;--awb-border-radius-top-right:0px;--awb-border-radius-bottom-right:0px;--awb-border-radius-bottom-left:0px;--awb-flex-wrap:wrap;\" ><div class=\"fusion-builder-row fusion-row\"><div class=\"fusion-layout-column fusion_builder_column fusion-builder-column-0 fusion_builder_column_1_1 1_1 fusion-one-full fusion-column-first fusion-column-last\" style=\"--awb-bg-size:cover;\"><div class=\"fusion-column-wrapper fusion-column-has-shadow fusion-flex-column-wrapper-legacy\"><div class=\"fusion-content-boxes content-boxes columns row fusion-columns-3 fusion-columns-total-10 fusion-content-boxes-1 content-boxes-clean-vertical content-left content-boxes-icon-on-top prensa\" style=\"--awb-body-color:#8c8c8c;--awb-hover-accent-color:#747474;--awb-circle-hover-accent-color:#747474;\" data-animationOffset=\"top-into-view\"><div style=\"--awb-backgroundcolor:rgba(255,255,255,0);border-color:rgba(255,255,255,0);\" class=\"fusion-column content-box-column content-box-column content-box-column-1 col-lg-4 col-md-4 col-sm-4 fusion-content-box-hover content-box-column-first-in-row\"><div class=\"col content-box-wrapper content-wrapper link-area-box link-type-button icon-hover-animation-fade\" data-link=\"https:\/\/www.cronista.com\/pyme\/negocios\/Es-posible-pensar-en-vender-el-negocio-20191211-0007.html\" data-link-target=\"_blank\" data-animationOffset=\"top-into-view\"><div class=\"heading heading-with-icon icon-left\"><a class=\"heading-link\" href=\"https:\/\/www.cronista.com\/pyme\/negocios\/Es-posible-pensar-en-vender-el-negocio-20191211-0007.html\" target=\"_blank\" rel=\"noopener noreferrer\"><div class=\"icon\"><i style=\"border-color:#ff002f;border-width:0px;background-color:#ff002f;box-sizing:content-box;height:62px;width:62px;line-height:62px;border-radius:50%;font-size:31px;\" aria-hidden=\"true\" class=\"fontawesome-icon fa-newspaper far circle-yes\"><\/i><\/div><h2 class=\"content-box-heading fusion-responsive-typography-calculated\" style=\"--h2_typography-font-size:22px;--fontSize:22;line-height:1.5;\">El Cronista<\/h2><\/a><\/div><div class=\"fusion-clearfix\"><\/div><div class=\"content-container\">\n<p>\u00bfEs posible pensar en vender el negocio?<\/p>\n<\/div><div class=\"fusion-clearfix\"><\/div><a class=\"fusion-read-more-button fusion-content-box-button fusion-button button-default fusion-button-default-size button- button-flat\" href=\"https:\/\/www.cronista.com\/pyme\/negocios\/Es-posible-pensar-en-vender-el-negocio-20191211-0007.html\" target=\"_blank\" rel=\"noopener noreferrer\"><span class=\"fusion-button-text\">Read more<\/span><\/a><div class=\"fusion-clearfix\"><\/div><\/div><\/div><div style=\"--awb-backgroundcolor:rgba(255,255,255,0);border-color:rgba(255,255,255,0);\" class=\"fusion-column content-box-column content-box-column content-box-column-2 col-lg-4 col-md-4 col-sm-4 fusion-content-box-hover \"><div class=\"col content-box-wrapper content-wrapper link-area-box link-type-button icon-hover-animation-fade\" data-link=\"https:\/\/www.lanacion.com.ar\/lifestyle\/exit-planning-como-irse-bien-cuando-uno-nid2275935\" data-link-target=\"_blank\" data-animationOffset=\"top-into-view\"><div class=\"heading heading-with-icon icon-left\"><a class=\"heading-link\" href=\"https:\/\/www.lanacion.com.ar\/lifestyle\/exit-planning-como-irse-bien-cuando-uno-nid2275935\" target=\"_blank\" rel=\"noopener noreferrer\"><div class=\"icon\"><i style=\"border-color:#ff002f;border-width:0px;background-color:#ff002f;box-sizing:content-box;height:62px;width:62px;line-height:62px;border-radius:50%;font-size:31px;\" aria-hidden=\"true\" class=\"fontawesome-icon fa-newspaper far circle-yes\"><\/i><\/div><h2 class=\"content-box-heading fusion-responsive-typography-calculated\" style=\"--h2_typography-font-size:22px;--fontSize:22;line-height:1.5;\">La Naci\u00f3n<\/h2><\/a><\/div><div class=\"fusion-clearfix\"><\/div><div class=\"content-container\">\n<p>Exit planning. C\u00f3mo irse bien cuando uno cambia de trabajo<\/p>\n<\/div><div class=\"fusion-clearfix\"><\/div><a class=\"fusion-read-more-button fusion-content-box-button fusion-button button-default fusion-button-default-size button- button-flat\" href=\"https:\/\/www.lanacion.com.ar\/lifestyle\/exit-planning-como-irse-bien-cuando-uno-nid2275935\" target=\"_blank\" rel=\"noopener noreferrer\"><span class=\"fusion-button-text\">Read more<\/span><\/a><div class=\"fusion-clearfix\"><\/div><\/div><\/div><div style=\"--awb-backgroundcolor:rgba(255,255,255,0);border-color:rgba(255,255,255,0);\" class=\"fusion-column content-box-column content-box-column content-box-column-3 col-lg-4 col-md-4 col-sm-4 fusion-content-box-hover content-box-column-last-in-row\"><div class=\"col content-box-wrapper content-wrapper link-area-box link-type-button icon-hover-animation-fade\" data-link=\"https:\/\/www.baenegocios.com\/suplementos\/Exit-Planning-definir-el-valor-de-la-empresa-y-como-incrementarlo-20190714-0018.html\" data-link-target=\"_blank\" data-animationOffset=\"top-into-view\"><div class=\"heading heading-with-icon icon-left\"><a class=\"heading-link\" href=\"https:\/\/www.baenegocios.com\/suplementos\/Exit-Planning-definir-el-valor-de-la-empresa-y-como-incrementarlo-20190714-0018.html\" target=\"_blank\" rel=\"noopener noreferrer\"><div class=\"icon\"><i style=\"border-color:#ff002f;border-width:0px;background-color:#ff002f;box-sizing:content-box;height:62px;width:62px;line-height:62px;border-radius:50%;font-size:31px;\" aria-hidden=\"true\" class=\"fontawesome-icon fa-newspaper far circle-yes\"><\/i><\/div><h2 class=\"content-box-heading fusion-responsive-typography-calculated\" style=\"--h2_typography-font-size:22px;--fontSize:22;line-height:1.5;\">BAE Negocios<\/h2><\/a><\/div><div class=\"fusion-clearfix\"><\/div><div class=\"content-container\">\n<p>Exit Planning: definir el valor de la empresa y c\u00f3mo incrementarlo<\/p>\n<\/div><div class=\"fusion-clearfix\"><\/div><a class=\"fusion-read-more-button fusion-content-box-button fusion-button button-default fusion-button-default-size button- button-flat\" href=\"https:\/\/www.baenegocios.com\/suplementos\/Exit-Planning-definir-el-valor-de-la-empresa-y-como-incrementarlo-20190714-0018.html\" target=\"_blank\" rel=\"noopener noreferrer\"><span class=\"fusion-button-text\">Read more<\/span><\/a><div class=\"fusion-clearfix\"><\/div><\/div><\/div><div style=\"--awb-backgroundcolor:rgba(255,255,255,0);border-color:rgba(255,255,255,0);\" class=\"fusion-column content-box-column content-box-column content-box-column-4 col-lg-4 col-md-4 col-sm-4 fusion-content-box-hover content-box-column-first-in-row\"><div class=\"col content-box-wrapper content-wrapper link-area-box link-type-button icon-hover-animation-fade\" data-link=\"https:\/\/www.ambito.com\/edicion-impresa\/empresas\/estan-los-duenos-las-empresas-preparados-salir-algun-momento-n5023019\" data-link-target=\"_blank\" data-animationOffset=\"top-into-view\"><div class=\"heading heading-with-icon icon-left\"><a class=\"heading-link\" href=\"https:\/\/www.ambito.com\/edicion-impresa\/empresas\/estan-los-duenos-las-empresas-preparados-salir-algun-momento-n5023019\" target=\"_blank\" rel=\"noopener noreferrer\"><div class=\"icon\"><i style=\"border-color:#ff002f;border-width:0px;background-color:#ff002f;box-sizing:content-box;height:62px;width:62px;line-height:62px;border-radius:50%;font-size:31px;\" aria-hidden=\"true\" class=\"fontawesome-icon fa-newspaper far circle-yes\"><\/i><\/div><h2 class=\"content-box-heading fusion-responsive-typography-calculated\" style=\"--h2_typography-font-size:22px;--fontSize:22;line-height:1.5;\">\u00e1mbito.com<\/h2><\/a><\/div><div class=\"fusion-clearfix\"><\/div><div class=\"content-container\">\n<p>\u00bfEst\u00e1n los due\u00f1os de las empresas preparados para &#8220;salir&#8221; en alg\u00fan momento?<\/p>\n<\/div><div class=\"fusion-clearfix\"><\/div><a class=\"fusion-read-more-button fusion-content-box-button fusion-button button-default fusion-button-default-size button- button-flat\" href=\"https:\/\/www.ambito.com\/edicion-impresa\/empresas\/estan-los-duenos-las-empresas-preparados-salir-algun-momento-n5023019\" target=\"_blank\" rel=\"noopener noreferrer\"><span class=\"fusion-button-text\">Read more<\/span><\/a><div class=\"fusion-clearfix\"><\/div><\/div><\/div><div style=\"--awb-backgroundcolor:rgba(255,255,255,0);border-color:rgba(255,255,255,0);\" class=\"fusion-column content-box-column content-box-column content-box-column-5 col-lg-4 col-md-4 col-sm-4 fusion-content-box-hover \"><div class=\"col content-box-wrapper content-wrapper link-area-box link-type-button icon-hover-animation-fade\" data-link=\"https:\/\/www.infobae.com\/economia\/finanzas-y-negocios\/2019\/07\/27\/las-seis-preguntas-que-todo-dueno-debe-hacerse-antes-de-vender-su-pyme\/\" data-link-target=\"_blank\" data-animationOffset=\"top-into-view\"><div class=\"heading heading-with-icon icon-left\"><a class=\"heading-link\" href=\"https:\/\/www.infobae.com\/economia\/finanzas-y-negocios\/2019\/07\/27\/las-seis-preguntas-que-todo-dueno-debe-hacerse-antes-de-vender-su-pyme\/\" target=\"_blank\" rel=\"noopener noreferrer\"><div class=\"icon\"><i style=\"border-color:#ff002f;border-width:0px;background-color:#ff002f;box-sizing:content-box;height:62px;width:62px;line-height:62px;border-radius:50%;font-size:31px;\" aria-hidden=\"true\" class=\"fontawesome-icon fa-newspaper far circle-yes\"><\/i><\/div><h2 class=\"content-box-heading fusion-responsive-typography-calculated\" style=\"--h2_typography-font-size:22px;--fontSize:22;line-height:1.5;\">Infobae<\/h2><\/a><\/div><div class=\"fusion-clearfix\"><\/div><div class=\"content-container\">\n<p>Las seis preguntas que todo due\u00f1o debe hacerse antes de vender su Pyme<\/p>\n<\/div><div class=\"fusion-clearfix\"><\/div><a class=\"fusion-read-more-button fusion-content-box-button fusion-button button-default fusion-button-default-size button- button-flat\" href=\"https:\/\/www.infobae.com\/economia\/finanzas-y-negocios\/2019\/07\/27\/las-seis-preguntas-que-todo-dueno-debe-hacerse-antes-de-vender-su-pyme\/\" target=\"_blank\" rel=\"noopener noreferrer\"><span class=\"fusion-button-text\">Read more<\/span><\/a><div class=\"fusion-clearfix\"><\/div><\/div><\/div><div style=\"--awb-backgroundcolor:rgba(255,255,255,0);border-color:rgba(255,255,255,0);\" class=\"fusion-column content-box-column content-box-column content-box-column-6 col-lg-4 col-md-4 col-sm-4 fusion-content-box-hover content-box-column-last-in-row\"><div class=\"col content-box-wrapper content-wrapper link-area-box link-type-button icon-hover-animation-fade\" data-link=\"https:\/\/argentina.vistage.com\/2019\/08\/10\/exit-planning-como-irse-bien-cuando-uno-cambia-de-trabajo\/\" data-link-target=\"_blank\" data-animationOffset=\"top-into-view\"><div class=\"heading heading-with-icon icon-left\"><a class=\"heading-link\" href=\"https:\/\/argentina.vistage.com\/2019\/08\/10\/exit-planning-como-irse-bien-cuando-uno-cambia-de-trabajo\/\" target=\"_blank\" rel=\"noopener noreferrer\"><div class=\"icon\"><i style=\"border-color:#ff002f;border-width:0px;background-color:#ff002f;box-sizing:content-box;height:62px;width:62px;line-height:62px;border-radius:50%;font-size:31px;\" aria-hidden=\"true\" class=\"fontawesome-icon fa-newspaper far circle-yes\"><\/i><\/div><h2 class=\"content-box-heading fusion-responsive-typography-calculated\" style=\"--h2_typography-font-size:22px;--fontSize:22;line-height:1.5;\">Vistage<\/h2><\/a><\/div><div class=\"fusion-clearfix\"><\/div><div class=\"content-container\">\n<p>Exit planning. C\u00f3mo irse bien cuando uno cambia de trabajo<\/p>\n<\/div><div class=\"fusion-clearfix\"><\/div><a class=\"fusion-read-more-button fusion-content-box-button fusion-button button-default fusion-button-default-size button- button-flat\" href=\"https:\/\/argentina.vistage.com\/2019\/08\/10\/exit-planning-como-irse-bien-cuando-uno-cambia-de-trabajo\/\" target=\"_blank\" rel=\"noopener noreferrer\"><span class=\"fusion-button-text\">Read more<\/span><\/a><div class=\"fusion-clearfix\"><\/div><\/div><\/div><div style=\"--awb-backgroundcolor:rgba(255,255,255,0);border-color:rgba(255,255,255,0);\" class=\"fusion-column content-box-column content-box-column content-box-column-7 col-lg-4 col-md-4 col-sm-4 fusion-content-box-hover content-box-column-first-in-row\"><div class=\"col content-box-wrapper content-wrapper link-area-box link-type-button icon-hover-animation-fade\" data-link=\"https:\/\/www.lanacion.com.ar\/economia\/encuentro-ceos-vistage-premio-empresarios-del-ano-nid2304235\" data-link-target=\"_blank\" data-animationOffset=\"top-into-view\"><div class=\"heading heading-with-icon icon-left\"><a class=\"heading-link\" href=\"https:\/\/www.lanacion.com.ar\/economia\/encuentro-ceos-vistage-premio-empresarios-del-ano-nid2304235\" target=\"_blank\" rel=\"noopener noreferrer\"><div class=\"icon\"><i style=\"border-color:#ff002f;border-width:0px;background-color:#ff002f;box-sizing:content-box;height:62px;width:62px;line-height:62px;border-radius:50%;font-size:31px;\" aria-hidden=\"true\" class=\"fontawesome-icon fa-newspaper far circle-yes\"><\/i><\/div><h2 class=\"content-box-heading fusion-responsive-typography-calculated\" style=\"--h2_typography-font-size:22px;--fontSize:22;line-height:1.5;\">La Naci\u00f3n<\/h2><\/a><\/div><div class=\"fusion-clearfix\"><\/div><div class=\"content-container\">\n<p>Vistage premi\u00f3 a los empresarios del a\u00f1o<\/p>\n<\/div><div class=\"fusion-clearfix\"><\/div><a class=\"fusion-read-more-button fusion-content-box-button fusion-button button-default fusion-button-default-size button- button-flat\" href=\"https:\/\/www.lanacion.com.ar\/economia\/encuentro-ceos-vistage-premio-empresarios-del-ano-nid2304235\" target=\"_blank\" rel=\"noopener noreferrer\"><span class=\"fusion-button-text\">Read more<\/span><\/a><div class=\"fusion-clearfix\"><\/div><\/div><\/div><div style=\"--awb-backgroundcolor:rgba(255,255,255,0);border-color:rgba(255,255,255,0);\" class=\"fusion-column content-box-column content-box-column content-box-column-8 col-lg-4 col-md-4 col-sm-4 fusion-content-box-hover \"><div class=\"col content-box-wrapper content-wrapper link-area-box link-type-button icon-hover-animation-fade\" data-link=\"https:\/\/ar.radiocut.fm\/audiocut\/entrevista-con-gustavo-schutt-especialista-exit-planning\/\" data-link-target=\"_blank\" data-animationOffset=\"top-into-view\"><div class=\"heading heading-with-icon icon-left\"><a class=\"heading-link\" href=\"https:\/\/ar.radiocut.fm\/audiocut\/entrevista-con-gustavo-schutt-especialista-exit-planning\/\" target=\"_blank\" rel=\"noopener noreferrer\"><div class=\"icon\"><i style=\"border-color:#ff002f;border-width:0px;background-color:#ff002f;box-sizing:content-box;height:62px;width:62px;line-height:62px;border-radius:50%;font-size:31px;\" aria-hidden=\"true\" class=\"fontawesome-icon fa-broadcast-tower fas circle-yes\"><\/i><\/div><h2 class=\"content-box-heading fusion-responsive-typography-calculated\" style=\"--h2_typography-font-size:22px;--fontSize:22;line-height:1.5;\">Led FM - Solo negocios<\/h2><\/a><\/div><div class=\"fusion-clearfix\"><\/div><div class=\"content-container\">\n<p>Entrevista con Gustavo Schutt &#8211; Especialista el Exit Planning<\/p>\n<\/div><div class=\"fusion-clearfix\"><\/div><a class=\"fusion-read-more-button fusion-content-box-button fusion-button button-default fusion-button-default-size button- button-flat\" href=\"https:\/\/ar.radiocut.fm\/audiocut\/entrevista-con-gustavo-schutt-especialista-exit-planning\/\" target=\"_blank\" rel=\"noopener noreferrer\"><span class=\"fusion-button-text\">Listen<\/span><\/a><div class=\"fusion-clearfix\"><\/div><\/div><\/div><div style=\"--awb-backgroundcolor:rgba(255,255,255,0);border-color:rgba(255,255,255,0);\" class=\"fusion-column content-box-column content-box-column content-box-column-9 col-lg-4 col-md-4 col-sm-4 fusion-content-box-hover content-box-column-last-in-row\"><div class=\"col content-box-wrapper content-wrapper link-area-box link-type-button icon-hover-animation-fade\" data-link=\"https:\/\/www.cronista.com\/pyme\/herramientas\/Como-vender-la-empresa-cuando-no-abundan-los-compradores--20200507-0001.html\" data-link-target=\"_blank\" data-animationOffset=\"top-into-view\"><div class=\"heading heading-with-icon icon-left\"><a class=\"heading-link\" href=\"https:\/\/www.cronista.com\/pyme\/herramientas\/Como-vender-la-empresa-cuando-no-abundan-los-compradores--20200507-0001.html\" target=\"_blank\" rel=\"noopener noreferrer\"><div class=\"icon\"><i style=\"border-color:#ff002f;border-width:0px;background-color:#ff002f;box-sizing:content-box;height:62px;width:62px;line-height:62px;border-radius:50%;font-size:31px;\" aria-hidden=\"true\" class=\"fontawesome-icon fa-newspaper fas circle-yes\"><\/i><\/div><h2 class=\"content-box-heading fusion-responsive-typography-calculated\" style=\"--h2_typography-font-size:22px;--fontSize:22;line-height:1.5;\">El Cronista<\/h2><\/a><\/div><div class=\"fusion-clearfix\"><\/div><div class=\"content-container\">\n<p>How to sell your company when there&#8217;s a few buyers<\/p>\n<\/div><div class=\"fusion-clearfix\"><\/div><a class=\"fusion-read-more-button fusion-content-box-button fusion-button button-default fusion-button-default-size button- button-flat\" href=\"https:\/\/www.cronista.com\/pyme\/herramientas\/Como-vender-la-empresa-cuando-no-abundan-los-compradores--20200507-0001.html\" target=\"_blank\" rel=\"noopener noreferrer\"><span class=\"fusion-button-text\">Read more<\/span><\/a><div class=\"fusion-clearfix\"><\/div><\/div><\/div><div style=\"--awb-backgroundcolor:rgba(255,255,255,0);border-color:rgba(255,255,255,0);\" class=\"fusion-column content-box-column content-box-column content-box-column-10 col-lg-4 col-md-4 col-sm-4 fusion-content-box-hover content-box-column-first-in-row content-box-column-last\"><div class=\"col content-box-wrapper content-wrapper link-area-box link-type-button icon-hover-animation-fade\" data-link=\"https:\/\/agendapyme.com.ar\/2022\/02\/23\/esta-pensando-en-vender-su-empresa-estas-son-algunas-de-las-cosas-que-debe-saber-antes-de-hacerlo\/\" data-link-target=\"_blank\" data-animationOffset=\"top-into-view\"><div class=\"heading heading-with-icon icon-left\"><a class=\"heading-link\" href=\"https:\/\/agendapyme.com.ar\/2022\/02\/23\/esta-pensando-en-vender-su-empresa-estas-son-algunas-de-las-cosas-que-debe-saber-antes-de-hacerlo\/\" target=\"_blank\" rel=\"noopener noreferrer\"><div class=\"icon\"><i style=\"border-color:#ff002f;border-width:0px;background-color:#ff002f;box-sizing:content-box;height:62px;width:62px;line-height:62px;border-radius:50%;font-size:31px;\" aria-hidden=\"true\" class=\"fontawesome-icon fa-newspaper fas circle-yes\"><\/i><\/div><h2 class=\"content-box-heading fusion-responsive-typography-calculated\" style=\"--h2_typography-font-size:22px;--fontSize:22;line-height:1.5;\">Agenda PYME<\/h2><\/a><\/div><div class=\"fusion-clearfix\"><\/div><div class=\"content-container\">\n<p>Estas pensando en vender tu empresa?<\/p>\n<\/div><div class=\"fusion-clearfix\"><\/div><a class=\"fusion-read-more-button fusion-content-box-button fusion-button button-default fusion-button-default-size button- button-flat\" href=\"https:\/\/agendapyme.com.ar\/2022\/02\/23\/esta-pensando-en-vender-su-empresa-estas-son-algunas-de-las-cosas-que-debe-saber-antes-de-hacerlo\/\" target=\"_blank\" rel=\"noopener noreferrer\"><span class=\"fusion-button-text\">Leer la Nota<\/span><\/a><div class=\"fusion-clearfix\"><\/div><\/div><\/div><div class=\"fusion-clearfix\"><\/div><\/div><div class=\"fusion-clearfix\"><\/div><\/div><\/div><\/div><\/div>\n","protected":false},"excerpt":{"rendered":"","protected":false},"author":1,"featured_media":0,"parent":0,"menu_order":0,"comment_status":"closed","ping_status":"closed","template":"","meta":{"footnotes":""},"class_list":["post-659","page","type-page","status-publish","hentry"],"_links":{"self":[{"href":"https:\/\/gustavoschutt.com.ar\/en\/wp-json\/wp\/v2\/pages\/659","targetHints":{"allow":["GET"]}}],"collection":[{"href":"https:\/\/gustavoschutt.com.ar\/en\/wp-json\/wp\/v2\/pages"}],"about":[{"href":"https:\/\/gustavoschutt.com.ar\/en\/wp-json\/wp\/v2\/types\/page"}],"author":[{"embeddable":true,"href":"https:\/\/gustavoschutt.com.ar\/en\/wp-json\/wp\/v2\/users\/1"}],"replies":[{"embeddable":true,"href":"https:\/\/gustavoschutt.com.ar\/en\/wp-json\/wp\/v2\/comments?post=659"}],"version-history":[{"count":3,"href":"https:\/\/gustavoschutt.com.ar\/en\/wp-json\/wp\/v2\/pages\/659\/revisions"}],"predecessor-version":[{"id":756,"href":"https:\/\/gustavoschutt.com.ar\/en\/wp-json\/wp\/v2\/pages\/659\/revisions\/756"}],"wp:attachment":[{"href":"https:\/\/gustavoschutt.com.ar\/en\/wp-json\/wp\/v2\/media?parent=659"}],"curies":[{"name":"wp","href":"https:\/\/api.w.org\/{rel}","templated":true}]}}